{"id":5621,"date":"2025-11-27T11:38:10","date_gmt":"2025-11-27T11:38:10","guid":{"rendered":"https:\/\/vsstpoelten-harland.ac.at\/?page_id=5621"},"modified":"2026-04-23T13:51:01","modified_gmt":"2026-04-23T13:51:01","slug":"vs-stattersdorf-2","status":"publish","type":"page","link":"https:\/\/vsstpoelten-harland.ac.at\/?page_id=5621","title":{"rendered":"VS Stattersdorf"},"content":{"rendered":"\n<p class=\"has-text-align-center has-red-color has-text-color has-link-color has-large-font-size wp-elements-da94b10a88c8f90aae2cb780d948feff\"><strong><em>Willkommen in der schulischen Tagesbetreuung Stattersdorf!<\/em><\/strong><\/p>\n\n\n\n<div style=\"height:57px\" aria-hidden=\"true\" class=\"wp-block-spacer\"><\/div>\n\n\n\n<p class=\"has-text-align-center has-link-color has-medium-font-size wp-elements-732de11102ff0763d0b0326039ac8cf1\">Das Team stellt sich vor:<\/p>\n\n\n<div class=\"wp-block-image\">\n<figure class=\"aligncenter is-resized\"><img loading=\"lazy\" decoding=\"async\" width=\"817\" height=\"1024\" src=\"https:\/\/vsstpoelten-harland.ac.at\/wp-content\/uploads\/2026\/04\/Polish_20260423_132020014_1-817x1024.jpg\" alt=\"\" class=\"wp-image-6371\" style=\"width:184px;height:auto\" srcset=\"https:\/\/vsstpoelten-harland.ac.at\/wp-content\/uploads\/2026\/04\/Polish_20260423_132020014_1-817x1024.jpg 817w, https:\/\/vsstpoelten-harland.ac.at\/wp-content\/uploads\/2026\/04\/Polish_20260423_132020014_1-239x300.jpg 239w, https:\/\/vsstpoelten-harland.ac.at\/wp-content\/uploads\/2026\/04\/Polish_20260423_132020014_1-768x962.jpg 768w, https:\/\/vsstpoelten-harland.ac.at\/wp-content\/uploads\/2026\/04\/Polish_20260423_132020014_1-1226x1536.jpg 1226w, https:\/\/vsstpoelten-harland.ac.at\/wp-content\/uploads\/2026\/04\/Polish_20260423_132020014_1-1634x2048.jpg 1634w, https:\/\/vsstpoelten-harland.ac.at\/wp-content\/uploads\/2026\/04\/Polish_20260423_132020014_1-scaled.jpg 2043w\" sizes=\"auto, (max-width: 817px) 100vw, 817px\" \/><figcaption class=\"wp-element-caption\">Verena Drdak (Leiterin der Nachmittagsbetreuung, Sozialp\u00e4dagogin)<\/figcaption><\/figure><\/div>\n\n\n<div style=\"height:19px\" aria-hidden=\"true\" class=\"wp-block-spacer\"><\/div>\n\n\n<div class=\"wp-block-image\">\n<figure class=\"aligncenter size-full is-resized\"><img loading=\"lazy\" decoding=\"async\" width=\"276\" height=\"398\" src=\"https:\/\/vsstpoelten-harland.ac.at\/wp-content\/uploads\/2025\/12\/Foto-Louis.jpg\" alt=\"\" class=\"wp-image-5689\" style=\"width:190px;height:auto\" srcset=\"https:\/\/vsstpoelten-harland.ac.at\/wp-content\/uploads\/2025\/12\/Foto-Louis.jpg 276w, https:\/\/vsstpoelten-harland.ac.at\/wp-content\/uploads\/2025\/12\/Foto-Louis-208x300.jpg 208w\" sizes=\"auto, (max-width: 276px) 100vw, 276px\" \/><figcaption class=\"wp-element-caption\">Louis Schachl (Sozialbetreuer)<\/figcaption><\/figure><\/div>\n\n\n<div style=\"height:21px\" aria-hidden=\"true\" class=\"wp-block-spacer\"><\/div>\n\n\n\n<hr class=\"wp-block-separator has-text-color has-yellow-color has-alpha-channel-opacity has-yellow-background-color has-background is-style-wide\"\/>\n\n\n\n<p class=\"has-text-align-center has-medium-font-size\">Wir sind unter folgender Nummer erreichbar: <strong>0664 6219145<\/strong><\/p>\n\n\n\n<hr class=\"wp-block-separator has-text-color has-yellow-color has-alpha-channel-opacity has-yellow-background-color has-background is-style-wide\"\/>\n\n\n\n<div style=\"height:31px\" aria-hidden=\"true\" class=\"wp-block-spacer\"><\/div>\n\n\n\n<div class=\"wp-block-media-text is-stacked-on-mobile\" style=\"grid-template-columns:41% auto\"><figure class=\"wp-block-media-text__media\"><img loading=\"lazy\" decoding=\"async\" width=\"768\" height=\"1024\" src=\"https:\/\/vsstpoelten-harland.ac.at\/wp-content\/uploads\/2025\/12\/IMG_20250612_142153-3-768x1024.jpg\" alt=\"\" class=\"wp-image-5697 size-full\" srcset=\"https:\/\/vsstpoelten-harland.ac.at\/wp-content\/uploads\/2025\/12\/IMG_20250612_142153-3-768x1024.jpg 768w, https:\/\/vsstpoelten-harland.ac.at\/wp-content\/uploads\/2025\/12\/IMG_20250612_142153-3-225x300.jpg 225w, https:\/\/vsstpoelten-harland.ac.at\/wp-content\/uploads\/2025\/12\/IMG_20250612_142153-3-1152x1536.jpg 1152w, https:\/\/vsstpoelten-harland.ac.at\/wp-content\/uploads\/2025\/12\/IMG_20250612_142153-3-1536x2048.jpg 1536w, https:\/\/vsstpoelten-harland.ac.at\/wp-content\/uploads\/2025\/12\/IMG_20250612_142153-3-scaled.jpg 1920w\" sizes=\"auto, (max-width: 768px) 100vw, 768px\" \/><\/figure><div class=\"wp-block-media-text__content\">\n<p class=\"has-text-align-center has-text-color has-background has-link-color wp-elements-7a667b4d875b3f360e2bbf89c209592e\" style=\"color:#4f994f;background-color:#ffffff\"><strong>Dieses Schuljahr begleitet uns das Quokka (das fr\u00f6hlichste Tier der Welt) durch die Nachmittagsbetreuung<\/strong><\/p>\n<\/div><\/div>\n\n\n\n<div style=\"height:25px\" aria-hidden=\"true\" class=\"wp-block-spacer\"><\/div>\n\n\n\n<h2 class=\"wp-block-heading has-red-color has-text-color has-link-color has-medium-font-size wp-elements-e94e474c4e330c089961a1cc81d3cace\">Betreuungszeiten<\/h2>\n\n\n\n<div class=\"wp-block-group is-vertical is-layout-flex wp-container-core-group-is-layout-8cf370e7 wp-block-group-is-layout-flex\">\n<p>Montag bis Freitag: 11:25 Uhr bis 16:30 Uhr<\/p>\n\n\n\n<p>Von 7:00 Uhr bis 7:25 Uhr besteht die M\u00f6glichkeit die Fr\u00fchbetreuung zu nutzen<\/p>\n<\/div>\n\n\n\n<p><\/p>\n\n\n\n<h2 class=\"wp-block-heading has-red-color has-text-color has-link-color has-medium-font-size wp-elements-5d8f0ef761f524b95585708ba05f9774\">Kosten<\/h2>\n\n\n\n<div class=\"wp-block-group is-vertical is-layout-flex wp-container-core-group-is-layout-8cf370e7 wp-block-group-is-layout-flex\">\n<p>Zur Verf\u00fcgung stehen die <em>volle Betreuung<\/em> (mehr als 10 Stunden pro Woche, \u20ac 100,- monatlich) oder die<em> halbe Betreuung<\/em> (bis 10 Stunden pro Woche, \u20ac 50,- monatlich).<\/p>\n\n\n\n<p>In Absprache mit der Schulverwaltung kann auch eine Erm\u00e4\u00dfigung beantragt werden.<\/p>\n<\/div>\n\n\n\n<p><\/p>\n\n\n\n<div class=\"wp-block-group is-vertical is-layout-flex wp-container-core-group-is-layout-8cf370e7 wp-block-group-is-layout-flex\">\n<h2 class=\"wp-block-heading has-red-color has-text-color has-link-color has-medium-font-size wp-elements-45c630154b01d93096b40aec84029f72\">Mittagessen<\/h2>\n<\/div>\n\n\n\n<p>T\u00e4glich wird das Mittagessen von der K\u00fcche des Universit\u00e4tsklinikums St. P\u00f6lten zubereitet (Kosten \u20ac 3,20). Jene Kinder, die kein Essen bestellen, bitten wir eine Jause mitzunehmen.<\/p>\n\n\n\n<p><\/p>\n\n\n\n<h2 class=\"wp-block-heading has-red-color has-text-color has-link-color has-medium-font-size wp-elements-6bcb2de5cfe4a1aa93b5f289f33d11dc\">Lernstunde<\/h2>\n\n\n\n<p>Die t\u00e4gliche Lernstunde erfolgt durch die LehrerInnen der Schule. Nach M\u00f6glichkeit kann nach der Lernstunde unter unserer Aufsicht die Haus\u00fcbung fertiggestellt werden.<\/p>\n\n\n\n<p><\/p>\n\n\n\n<h2 class=\"wp-block-heading has-red-color has-text-color has-link-color has-medium-font-size wp-elements-fca04a43eafcddcf4768335ee98031dd\">Freizeitbetreuung<\/h2>\n\n\n\n<div class=\"wp-block-group is-vertical is-layout-flex wp-container-core-group-is-layout-8cf370e7 wp-block-group-is-layout-flex\">\n<p>Nach der Lernzeit verbringen wir gemeinsam mit den Sch\u00fclerInnen die freie Zeit. Dabei steht ein abwechslungsreiches Besch\u00e4ftigungsangebot zur Verf\u00fcgung: <\/p>\n\n\n\n<p>Freies Spiel, gelenktes Spiel, Gesellschaftsspiele, Lernspiele, kreatives Gestalten, Bewegung im Schulgarten, Bewegungseinheiten und Spiele im Turnsaal<\/p>\n<\/div>\n\n\n\n<p>Gelegentlich gibt es auch besondere Angebote (Themennachmittage, Tanzworkshop, Besuch von Tieren, usw.).<\/p>\n\n\n\n<p><\/p>\n\n\n\n<h2 class=\"wp-block-heading has-red-color has-text-color has-link-color has-medium-font-size wp-elements-128a668e07fd77577a30839a693228ea\">Ferienbetreuung<\/h2>\n\n\n\n<p>In den Ferien wird (bis auf die Weihnachtsferien) Betreuung angeboten. Diese findet gemeinsam mit zwei anderen schulischen Tagesbetreuungen im Wechsel an einem dieser drei Standorte statt.<\/p>\n\n\n\n<p>Es wird stets ein abwechslungsreiches Programm mit Ausfl\u00fcgen und Workshops angeboten.<\/p>\n\n\n\n<p>Die Kosten f\u00fcr die Betreuung in den Semester-, Oster- und Herbstferien sind f\u00fcr Kinder, die die Nachmittagsbetreuung besuchen, in der Pauschale inkludiert. Die Betreuung in den Sommerferien wird wochenweise verrechnet.<\/p>\n\n\n\n<p><\/p>\n\n\n\n<h2 class=\"wp-block-heading has-red-color has-text-color has-link-color has-medium-font-size wp-elements-f9ba130996ffd7b00fb729343f5e1019\">Soziale Kompetenzen<\/h2>\n\n\n\n<p>Das Erlernen und Trainieren von sozialen Kompetenzen stehen bei uns im Vordergrund der Betreuung. Die Sch\u00fclerInnen sollen sich am Nachmittag wohlf\u00fchlen, aber auch lernen, sich in der Gemeinschaft einzuf\u00fcgen.<br \/>Das bedeutet, dass Kinder angehalten werden R\u00fccksicht aufeinander zu nehmen, miteinander zu sprechen und bei Konflikten L\u00f6sungen zu finden. Auch die Bed\u00fcrfnisse und Vorlieben der Kinder werden ernstgenommen und darauf eingegangen, sofern dies im m\u00f6glichen Bereich liegt. <\/p>\n\n\n\n<p><\/p>\n\n\n\n<p><\/p>\n\n\n\n<p class=\"has-text-align-center has-text-color has-background has-link-color has-medium-font-size wp-elements-c4ad3cf2dc17c82c95e356b8d1fdbfdd\" style=\"color:#e05c2f;background-color:#fffbdf\"><em><strong>Jedes Kind ist einzigartig und wird als eigenst\u00e4ndige Pers\u00f6nlichkeit wahrgenommen und wertgesch\u00e4tzt.<\/strong><\/em><\/p>\n\n\n\n<div style=\"height:60px\" aria-hidden=\"true\" class=\"wp-block-spacer\"><\/div>\n\n\n\n<p class=\"has-text-align-center has-red-color has-text-color has-link-color has-medium-font-size wp-elements-904936b9c395743ad71e3e773724ee4a\"><strong>Ein paar Eindr\u00fccke aus der Nachmittagsbetreuung<\/strong><\/p>\n\n\n\n<figure class=\"wp-block-gallery has-nested-images columns-default is-cropped wp-block-gallery-1 is-layout-flex wp-block-gallery-is-layout-flex\">\n<figure class=\"wp-block-image size-large\"><img loading=\"lazy\" decoding=\"async\" width=\"1024\" height=\"768\" data-id=\"6251\" src=\"https:\/\/vsstpoelten-harland.ac.at\/wp-content\/uploads\/2026\/03\/IMG_20260319_152843-1024x768.jpg\" alt=\"\" class=\"wp-image-6251\" srcset=\"https:\/\/vsstpoelten-harland.ac.at\/wp-content\/uploads\/2026\/03\/IMG_20260319_152843-1024x768.jpg 1024w, https:\/\/vsstpoelten-harland.ac.at\/wp-content\/uploads\/2026\/03\/IMG_20260319_152843-300x225.jpg 300w, https:\/\/vsstpoelten-harland.ac.at\/wp-content\/uploads\/2026\/03\/IMG_20260319_152843-768x576.jpg 768w, https:\/\/vsstpoelten-harland.ac.at\/wp-content\/uploads\/2026\/03\/IMG_20260319_152843-1536x1152.jpg 1536w, https:\/\/vsstpoelten-harland.ac.at\/wp-content\/uploads\/2026\/03\/IMG_20260319_152843-2048x1536.jpg 2048w\" sizes=\"auto, (max-width: 1024px) 100vw, 1024px\" \/><\/figure>\n\n\n\n<figure class=\"wp-block-image size-large\"><img loading=\"lazy\" decoding=\"async\" width=\"1024\" height=\"768\" data-id=\"5709\" src=\"https:\/\/vsstpoelten-harland.ac.at\/wp-content\/uploads\/2025\/12\/IMG_20250925_150414-1024x768.jpg\" alt=\"\" class=\"wp-image-5709\" srcset=\"https:\/\/vsstpoelten-harland.ac.at\/wp-content\/uploads\/2025\/12\/IMG_20250925_150414-1024x768.jpg 1024w, https:\/\/vsstpoelten-harland.ac.at\/wp-content\/uploads\/2025\/12\/IMG_20250925_150414-300x225.jpg 300w, https:\/\/vsstpoelten-harland.ac.at\/wp-content\/uploads\/2025\/12\/IMG_20250925_150414-768x576.jpg 768w, https:\/\/vsstpoelten-harland.ac.at\/wp-content\/uploads\/2025\/12\/IMG_20250925_150414-1536x1152.jpg 1536w, https:\/\/vsstpoelten-harland.ac.at\/wp-content\/uploads\/2025\/12\/IMG_20250925_150414.jpg 2000w\" sizes=\"auto, (max-width: 1024px) 100vw, 1024px\" \/><\/figure>\n<\/figure>\n\n\n\n<div class=\"wp-block-columns is-layout-flex wp-container-core-columns-is-layout-9d6595d7 wp-block-columns-is-layout-flex\">\n<div class=\"wp-block-column is-layout-flow wp-block-column-is-layout-flow\" style=\"flex-basis:100%\">\n<figure class=\"wp-block-gallery has-nested-images columns-default is-cropped wp-block-gallery-2 is-layout-flex wp-block-gallery-is-layout-flex\">\n<figure class=\"wp-block-image size-large\"><img loading=\"lazy\" decoding=\"async\" width=\"768\" height=\"1024\" data-id=\"5712\" src=\"https:\/\/vsstpoelten-harland.ac.at\/wp-content\/uploads\/2025\/12\/IMG_4565-768x1024.jpeg\" alt=\"\" class=\"wp-image-5712\" srcset=\"https:\/\/vsstpoelten-harland.ac.at\/wp-content\/uploads\/2025\/12\/IMG_4565-768x1024.jpeg 768w, https:\/\/vsstpoelten-harland.ac.at\/wp-content\/uploads\/2025\/12\/IMG_4565-225x300.jpeg 225w, https:\/\/vsstpoelten-harland.ac.at\/wp-content\/uploads\/2025\/12\/IMG_4565-1152x1536.jpeg 1152w, https:\/\/vsstpoelten-harland.ac.at\/wp-content\/uploads\/2025\/12\/IMG_4565-1536x2048.jpeg 1536w, https:\/\/vsstpoelten-harland.ac.at\/wp-content\/uploads\/2025\/12\/IMG_4565-scaled.jpeg 1920w\" sizes=\"auto, (max-width: 768px) 100vw, 768px\" \/><\/figure>\n\n\n\n<figure class=\"wp-block-image size-large\"><img loading=\"lazy\" decoding=\"async\" width=\"768\" height=\"1024\" data-id=\"5718\" src=\"https:\/\/vsstpoelten-harland.ac.at\/wp-content\/uploads\/2025\/12\/IMG_8944-768x1024.jpeg\" alt=\"\" class=\"wp-image-5718\" srcset=\"https:\/\/vsstpoelten-harland.ac.at\/wp-content\/uploads\/2025\/12\/IMG_8944-768x1024.jpeg 768w, https:\/\/vsstpoelten-harland.ac.at\/wp-content\/uploads\/2025\/12\/IMG_8944-225x300.jpeg 225w, https:\/\/vsstpoelten-harland.ac.at\/wp-content\/uploads\/2025\/12\/IMG_8944-1152x1536.jpeg 1152w, https:\/\/vsstpoelten-harland.ac.at\/wp-content\/uploads\/2025\/12\/IMG_8944-1536x2048.jpeg 1536w, https:\/\/vsstpoelten-harland.ac.at\/wp-content\/uploads\/2025\/12\/IMG_8944-scaled.jpeg 1920w\" sizes=\"auto, (max-width: 768px) 100vw, 768px\" \/><\/figure>\n<\/figure>\n<\/div>\n<\/div>\n\n\n\n<figure class=\"wp-block-gallery has-nested-images columns-default is-cropped wp-block-gallery-3 is-layout-flex wp-block-gallery-is-layout-flex\">\n<figure class=\"wp-block-image size-large\"><img loading=\"lazy\" decoding=\"async\" width=\"1024\" height=\"768\" data-id=\"5713\" src=\"https:\/\/vsstpoelten-harland.ac.at\/wp-content\/uploads\/2025\/12\/1733240450871-1024x768.jpg\" alt=\"\" class=\"wp-image-5713\" srcset=\"https:\/\/vsstpoelten-harland.ac.at\/wp-content\/uploads\/2025\/12\/1733240450871-1024x768.jpg 1024w, https:\/\/vsstpoelten-harland.ac.at\/wp-content\/uploads\/2025\/12\/1733240450871-300x225.jpg 300w, https:\/\/vsstpoelten-harland.ac.at\/wp-content\/uploads\/2025\/12\/1733240450871-768x576.jpg 768w, https:\/\/vsstpoelten-harland.ac.at\/wp-content\/uploads\/2025\/12\/1733240450871-1536x1152.jpg 1536w, https:\/\/vsstpoelten-harland.ac.at\/wp-content\/uploads\/2025\/12\/1733240450871.jpg 2000w\" sizes=\"auto, (max-width: 1024px) 100vw, 1024px\" \/><\/figure>\n\n\n\n<figure class=\"wp-block-image size-large\"><img loading=\"lazy\" decoding=\"async\" width=\"1024\" height=\"768\" data-id=\"5720\" src=\"https:\/\/vsstpoelten-harland.ac.at\/wp-content\/uploads\/2025\/12\/IMG_3615-1024x768.jpeg\" alt=\"\" class=\"wp-image-5720\" srcset=\"https:\/\/vsstpoelten-harland.ac.at\/wp-content\/uploads\/2025\/12\/IMG_3615-1024x768.jpeg 1024w, https:\/\/vsstpoelten-harland.ac.at\/wp-content\/uploads\/2025\/12\/IMG_3615-300x225.jpeg 300w, https:\/\/vsstpoelten-harland.ac.at\/wp-content\/uploads\/2025\/12\/IMG_3615-768x576.jpeg 768w, https:\/\/vsstpoelten-harland.ac.at\/wp-content\/uploads\/2025\/12\/IMG_3615-1536x1152.jpeg 1536w, https:\/\/vsstpoelten-harland.ac.at\/wp-content\/uploads\/2025\/12\/IMG_3615-2048x1536.jpeg 2048w\" sizes=\"auto, (max-width: 1024px) 100vw, 1024px\" \/><\/figure>\n<\/figure>\n\n\n\n<figure class=\"wp-block-gallery has-nested-images columns-default is-cropped wp-block-gallery-4 is-layout-flex wp-block-gallery-is-layout-flex\">\n<figure class=\"wp-block-image size-large\"><img loading=\"lazy\" decoding=\"async\" width=\"1024\" height=\"768\" data-id=\"5710\" src=\"https:\/\/vsstpoelten-harland.ac.at\/wp-content\/uploads\/2025\/12\/1736945646335-1024x768.jpg\" alt=\"\" class=\"wp-image-5710\" srcset=\"https:\/\/vsstpoelten-harland.ac.at\/wp-content\/uploads\/2025\/12\/1736945646335-1024x768.jpg 1024w, https:\/\/vsstpoelten-harland.ac.at\/wp-content\/uploads\/2025\/12\/1736945646335-300x225.jpg 300w, https:\/\/vsstpoelten-harland.ac.at\/wp-content\/uploads\/2025\/12\/1736945646335-768x576.jpg 768w, https:\/\/vsstpoelten-harland.ac.at\/wp-content\/uploads\/2025\/12\/1736945646335-1536x1152.jpg 1536w, https:\/\/vsstpoelten-harland.ac.at\/wp-content\/uploads\/2025\/12\/1736945646335.jpg 2000w\" sizes=\"auto, (max-width: 1024px) 100vw, 1024px\" \/><\/figure>\n\n\n\n<figure class=\"wp-block-image size-large\"><img loading=\"lazy\" decoding=\"async\" width=\"1024\" height=\"768\" data-id=\"6329\" src=\"https:\/\/vsstpoelten-harland.ac.at\/wp-content\/uploads\/2026\/04\/IMG_20260410_121648-1024x768.jpg\" alt=\"\" class=\"wp-image-6329\" srcset=\"https:\/\/vsstpoelten-harland.ac.at\/wp-content\/uploads\/2026\/04\/IMG_20260410_121648-1024x768.jpg 1024w, https:\/\/vsstpoelten-harland.ac.at\/wp-content\/uploads\/2026\/04\/IMG_20260410_121648-300x225.jpg 300w, https:\/\/vsstpoelten-harland.ac.at\/wp-content\/uploads\/2026\/04\/IMG_20260410_121648-768x576.jpg 768w, https:\/\/vsstpoelten-harland.ac.at\/wp-content\/uploads\/2026\/04\/IMG_20260410_121648-1536x1152.jpg 1536w, https:\/\/vsstpoelten-harland.ac.at\/wp-content\/uploads\/2026\/04\/IMG_20260410_121648-2048x1536.jpg 2048w\" sizes=\"auto, (max-width: 1024px) 100vw, 1024px\" \/><\/figure>\n<\/figure>\n","protected":false},"excerpt":{"rendered":"<p>Willkommen in der schulischen Tagesbetreuung Stattersdorf! Das Team stellt sich vor: Wir sind unter folgender Nummer erreichbar: 0664 6219145 Dieses Schuljahr begleitet uns das Quokka (das fr\u00f6hlichste Tier der Welt) durch die Nachmittagsbetreuung Betreuungszeiten Montag bis Freitag: 11:25 Uhr bis 16:30 Uhr Von 7:00 Uhr bis 7:25 Uhr besteht die M\u00f6glichkeit die Fr\u00fchbetreuung zu nutzen &hellip; <a href=\"https:\/\/vsstpoelten-harland.ac.at\/?page_id=5621\" class=\"more-link\"><span class=\"screen-reader-text\">VS Stattersdorf<\/span> weiterlesen <span class=\"meta-nav\">&rarr;<\/span><\/a><\/p>\n","protected":false},"author":3,"featured_media":0,"parent":0,"menu_order":0,"comment_status":"closed","ping_status":"closed","template":"","meta":{"footnotes":""},"class_list":["post-5621","page","type-page","status-publish","hentry"],"_links":{"self":[{"href":"https:\/\/vsstpoelten-harland.ac.at\/index.php?rest_route=\/wp\/v2\/pages\/5621","targetHints":{"allow":["GET"]}}],"collection":[{"href":"https:\/\/vsstpoelten-harland.ac.at\/index.php?rest_route=\/wp\/v2\/pages"}],"about":[{"href":"https:\/\/vsstpoelten-harland.ac.at\/index.php?rest_route=\/wp\/v2\/types\/page"}],"author":[{"embeddable":true,"href":"https:\/\/vsstpoelten-harland.ac.at\/index.php?rest_route=\/wp\/v2\/users\/3"}],"replies":[{"embeddable":true,"href":"https:\/\/vsstpoelten-harland.ac.at\/index.php?rest_route=%2Fwp%2Fv2%2Fcomments&post=5621"}],"version-history":[{"count":65,"href":"https:\/\/vsstpoelten-harland.ac.at\/index.php?rest_route=\/wp\/v2\/pages\/5621\/revisions"}],"predecessor-version":[{"id":6372,"href":"https:\/\/vsstpoelten-harland.ac.at\/index.php?rest_route=\/wp\/v2\/pages\/5621\/revisions\/6372"}],"wp:attachment":[{"href":"https:\/\/vsstpoelten-harland.ac.at\/index.php?rest_route=%2Fwp%2Fv2%2Fmedia&parent=5621"}],"curies":[{"name":"wp","href":"https:\/\/api.w.org\/{rel}","templated":true}]}}